{"id":25132,"date":"2016-03-29T08:20:08","date_gmt":"2016-03-29T08:20:08","guid":{"rendered":"https:\/\/www.balconi.it\/new\/homepage-business-solutions\/"},"modified":"2026-01-28T11:54:18","modified_gmt":"2026-01-28T10:54:18","slug":"homepage-business-solutions","status":"publish","type":"page","link":"https:\/\/balconi.it\/fr\/","title":{"rendered":"Home"},"content":{"rendered":"<div class=\"wpb-content-wrapper\"><p>[vc_row css=&#8221;.vc_custom_1571851999570{margin-bottom: 0px !important;padding-top: 0px !important;}&#8221;][vc_column][vc_empty_space height=&#8221;70px&#8221;][vc_column_text]<\/p>\n<h2 style=\"text-align: center;\">VID\u00c9O DE L\u2019ENTREPRISE<\/h2>\n<p>[\/vc_column_text][vc_empty_space height=&#8221;20px&#8221;][\/vc_column][\/vc_row][vc_row css=&#8221;.vc_custom_1461328924832{margin-bottom: 0px !important;}&#8221;][vc_column]<div class=\"gem-vimeo gem-wrapbox gem-wrapbox-style-no-style rounded-corners gem-wrapbox-position-below\" style=\"width: 100%;\"><div class=\"gem-wrapbox-inner gem-ratio-style\" style=\"padding-top: 56.25%\"><iframe webkitallowfullscreen=\"true\" mozallowfullscreen=\"true\" allowfullscreen=\"true\" class=\"gem-wrapbox-element img-responsive\" frameborder=\"0\" scrolling=\"no\" marginheight=\"0\" marginwidth=\"0\" src=\"\/\/player.vimeo.com\/video\/1158325608?title=0&amp;byline=0&amp;portrait=0 \"><\/iframe><\/div><\/div>[vc_empty_space height=&#8221;20px&#8221;][vc_column_text]<\/p>\n<p style=\"text-align: center;\">Les entreprises sont comme les gens. Chacune d&#8217;entre elles poss\u00e8de un trait qui la distingue et la rende, dans certains cas, unique et m\u00e9morable.<br \/>\nLa diff\u00e9rence &#8211; la distinction &#8211; ne r\u00e9side pas dans ce qui est produit, mais plut\u00f4t dans la mani\u00e8re par laquelle il est produit. Le &#8220;comment&#8221; fait la diff\u00e9rence : c&#8217;est la culture du projet, le soin avec lequel il est r\u00e9alis\u00e9, qui &#8211; tout comme il arrive aux individus \u2013 diff\u00e9rencie une entreprise d&#8217;une autre. Nous appelons cela l&#8217;art du savoir-faire.<br \/>\nChaque entreprise, comme chaque personne, a construit au fil du temps sa propre culture, ce que l\u2019on appelle le &#8220;capital intellectuel&#8221;. C&#8217;est l&#8217;ensemble des comp\u00e9tences, la somme des connaissances, des exp\u00e9riences, des recherches et des essais qui nous permettent de r\u00e9pondre aux d\u00e9fis technologiques, \u00e9conomiques et productifs et aux changements du paradigme concurrentiel.<br \/>\nNous avons appris \u00e0 unir des mondes apparemment incompatibles : la l\u00e9g\u00e8ret\u00e9 des bits qui r\u00e9gissent les logiciels de conception avec le poids des architectures mat\u00e9rielles gigantesques ; la pr\u00e9cision de l&#8217;intelligence artificielle et l&#8217;intervention de l&#8217;homme, in\u00e9vitablement moins pr\u00e9cis que la machine, cependant pr\u00e9cieux et irrempla\u00e7able.<br \/>\nNous cr\u00e9ons des machines d&#8217;une consistance extraordinaire dont les organismes &#8211; os, muscles, nerfs et synapses &#8211; sont con\u00e7us pour produire une force parfaite et absolument pr\u00e9cise. La lourdeur qui vient de la l\u00e9g\u00e8ret\u00e9 du savoir-faire, la consistance qui n\u00e9 du plaisir que l&#8217;on ressent \u00e0 accomplir un travail dans les r\u00e8gles de l\u2019art.<br \/>\nLourd et l\u00e9ger, artificiel et humain, automatis\u00e9 et personnalis\u00e9 : traits et actions diff\u00e9rents et complexes se m\u00ealent en \u00e9quilibre parfait dans une \u0153uvre d&#8217;art con\u00e7ue pour cr\u00e9er de la valeur dans le temps, production apr\u00e8s production, coup apr\u00e8s coup. Une longue et solide perfection qui nous distingue et nous rend uniques.<br \/>\nNous sommes des constructeurs de qualit\u00e9 reconnus et appr\u00e9ci\u00e9s dans le monde entier. Une entreprise qui a un pied dans le pass\u00e9 et l&#8217;autre dans l&#8217;avenir, qui affronte chaque projet avec la coh\u00e9rence heureuse de ceux qui ont appris \u00e0 donner le bon poids aux choses.[\/vc_column_text][vc_empty_space height=&#8221;20px&#8221;]<div class=\"clearboth\"><\/div><style>#thegem-divider-69f4a6fe867be {margin-top: 80px !important;}<\/style><div id=\"thegem-divider-69f4a6fe867be\" class=\"gem-divider  \" style=\"\" ><\/div>[\/vc_column][\/vc_row][vc_row css=&#8221;.vc_custom_1459337282173{margin-bottom: 0px !important;}&#8221;][vc_column]<div class=\"clearboth\"><\/div><style>#thegem-divider-69f4a6fe869ad {margin-top: -50px !important;}<\/style><div id=\"thegem-divider-69f4a6fe869ad\" class=\"gem-divider  \" style=\"\" ><\/div><div id=\"fullwidth-block-69f4a6fe869fb\" class=\"fullwidth-block clearfix\"  style=\"background-color: #706f6f;padding-top: 150px;padding-bottom: 90px;\"><script type=\"text\/javascript\">if (typeof(gem_fix_fullwidth_position) == \"function\") { gem_fix_fullwidth_position(document.getElementById(\"fullwidth-block-69f4a6fe869fb\")); }<\/script><div class=\"fullwidth-block-inner\"><div class=\"container\">[vc_column_text]<\/p>\n<h2 style=\"text-align: center;\"><span class=\"light\" style=\"color: #ffffff;\">PRESSES<\/span><\/h2>\n<p>[\/vc_column_text][vc_separator color=&#8221;custom&#8221; border_width=&#8221;2&#8243; el_width=&#8221;20&#8243; accent_color=&#8221;#ffffff&#8221;]<div class=\"clearboth\"><\/div><style>#thegem-divider-69f4a6fe86ad0 {margin-top: 120px !important;}<\/style><div id=\"thegem-divider-69f4a6fe86ad0\" class=\"gem-divider  \" style=\"\" ><\/div>[vc_row_inner el_class=&#8221;borders-style&#8221;][vc_column_inner width=&#8221;1\/2&#8243; css=&#8221;.vc_custom_1461318039174{padding-right: 60px !important;padding-bottom: 50px !important;padding-left: 60px !important;}&#8221; offset=&#8221;vc_col-lg-4 vc_col-md-4 vc_col-xs-12&#8243;][vc_column_text]<\/p>\n<h5><a href=\"https:\/\/www.balconi.it\/fr\/presse-per-stampi-progressivi\/\" target=\"_blank\" rel=\"noopener noreferrer\"><span style=\"color: #1da773;\">OUTILS PROGRESSIF<\/span><\/a><\/h5>\n<p>[\/vc_column_text][vc_column_text]<span style=\"color: #ffffff;\">(De 1.000 kN \u00e0 30.000 kN)<\/span><\/p>\n<p><span style=\"color: #ffffff;\">Automobile,<\/span><br \/>\n<span style=\"color: #ffffff;\">Electrom\u00e9nager<\/span>[\/vc_column_text]<div class=\"clearboth\"><\/div><style>#thegem-divider-69f4a6fe86af7 {margin-top: 35px !important;}<\/style><div id=\"thegem-divider-69f4a6fe86af7\" class=\"gem-divider  \" style=\"\" ><\/div><div class=\"gem-textbox \"  ><div class=\"gem-textbox-inner\" style=\"border-top-right-radius: 50px;border-bottom-right-radius: 50px;border-bottom-left-radius: 50px;\"><div class=\"gem-textbox-content\" style=\"background-image: url(https:\/\/balconi.it\/wp-content\/uploads\/2018\/09\/Stampi-progressivi.jpg);background-repeat: no-repeat; background-size: cover;background-position: left top;padding-top: 100px;padding-bottom: 100px;\"><\/div><\/div><\/div>[\/vc_column_inner][vc_column_inner el_class=&#8221;mozila-hack&#8221; width=&#8221;1\/2&#8243; css=&#8221;.vc_custom_1461318876954{padding-right: 60px !important;padding-bottom: 55px !important;padding-left: 60px !important;}&#8221; offset=&#8221;vc_col-lg-4 vc_col-md-4 vc_col-xs-12&#8243;]<div class=\"gem-textbox \"  ><div class=\"gem-textbox-inner\" style=\"border-top-left-radius: 50px;border-top-right-radius: 50px;border-bottom-right-radius: 50px;\"><div class=\"gem-textbox-content\" style=\"background-image: url(https:\/\/balconi.it\/wp-content\/uploads\/2018\/09\/Transfer.jpg);background-repeat: no-repeat; background-size: cover;background-position: center top;padding-top: 100px;padding-bottom: 100px;\"><\/div><\/div><\/div><div class=\"clearboth\"><\/div><style>#thegem-divider-69f4a6fe86ed4 {margin-top: 34px !important;}<\/style><div id=\"thegem-divider-69f4a6fe86ed4\" class=\"gem-divider  \" style=\"\" ><\/div>[vc_column_text]<\/p>\n<h5><a href=\"https:\/\/www.balconi.it\/fr\/presse-transfer\/\" target=\"_blank\" rel=\"noopener noreferrer\"><span style=\"color: #1da773;\">TRANSFERT<\/span><\/a><\/h5>\n<p>[\/vc_column_text][vc_column_text]<span style=\"color: #ffffff;\">(De 1.000 kN \u00e0 30.000 kN)<\/span><\/p>\n<p><span style=\"color: #ffffff;\">Automobile,<\/span><br \/>\n<span style=\"color: #ffffff;\">Electrom\u00e9nager<\/span>[\/vc_column_text][\/vc_column_inner][vc_column_inner css=&#8221;.vc_custom_1461318078360{padding-right: 60px !important;padding-bottom: 50px !important;padding-left: 60px !important;}&#8221; offset=&#8221;vc_col-lg-4 vc_col-md-4 vc_col-xs-12&#8243;][vc_column_text]<\/p>\n<h5><a href=\"https:\/\/www.balconi.it\/fr\/servopresse\/\" target=\"_blank\" rel=\"noopener noreferrer\"><span style=\"color: #1da773;\">SERVOPRESSES<\/span><\/a><\/h5>\n<p>[\/vc_column_text][vc_column_text]<span style=\"color: #ffffff;\">(De 1.000 kN \u00e0 30.000 kN)<\/span><\/p>\n<p><span style=\"color: #ffffff;\">Automobile,<\/span><br \/>\n<span style=\"color: #ffffff;\">Electromenager<\/span>[\/vc_column_text]<div class=\"clearboth\"><\/div><style>#thegem-divider-69f4a6fe86efb {margin-top: 35px !important;}<\/style><div id=\"thegem-divider-69f4a6fe86efb\" class=\"gem-divider  \" style=\"\" ><\/div><div class=\"gem-textbox \"  ><div class=\"gem-textbox-inner\" style=\"border-top-right-radius: 50px;border-bottom-right-radius: 50px;border-bottom-left-radius: 50px;\"><div class=\"gem-textbox-content\" style=\"background-image: url(https:\/\/balconi.it\/wp-content\/uploads\/2018\/09\/Servopressa.jpg);background-repeat: no-repeat; background-size: cover;background-position: center top;padding-top: 100px;padding-bottom: 100px;\"><\/div><\/div><\/div>[\/vc_column_inner][\/vc_row_inner][vc_row_inner el_class=&#8221;borders-style-2&#8243; css=&#8221;.vc_custom_1461317127646{margin-top: -17px !important;}&#8221;][vc_column_inner width=&#8221;1\/2&#8243; css=&#8221;.vc_custom_1461319597390{padding-top: 70px !important;padding-right: 60px !important;padding-left: 60px !important;}&#8221; offset=&#8221;vc_col-lg-4 vc_col-md-4 vc_col-xs-12&#8243;][vc_column_text]<\/p>\n<h5><a href=\"https:\/\/www.balconi.it\/fr\/blanking\/\" target=\"_blank\" rel=\"noopener noreferrer\"><span style=\"color: #1da773;\">PRESSES DE DECOUPE<br \/>\nRAPIDE<\/span><\/a><\/h5>\n<p>[\/vc_column_text][vc_column_text]<span style=\"color: #ffffff;\">(De 800 kN \u00e0 8.000 kN force)<\/span><\/p>\n<p><span style=\"color: #ffffff;\">Automobile, Rondelles,<\/span><br \/>\n<span style=\"color: #ffffff;\">Pions d\u2019aluminium, Electrom\u00e9canique<\/span>[\/vc_column_text]<div class=\"clearboth\"><\/div><style>#thegem-divider-69f4a6fe870b7 {margin-top: 15px !important;}<\/style><div id=\"thegem-divider-69f4a6fe870b7\" class=\"gem-divider  \" style=\"\" ><\/div><div class=\"gem-textbox \"  ><div class=\"gem-textbox-inner\" style=\"border-top-right-radius: 50px;border-bottom-right-radius: 50px;border-bottom-left-radius: 50px;\"><div class=\"gem-textbox-content\" style=\"background-image: url(https:\/\/balconi.it\/wp-content\/uploads\/2018\/09\/Blanking-tranfer-presses.jpg);background-repeat: no-repeat; background-size: cover;background-position: left top;padding-top: 100px;padding-bottom: 100px;\"><\/div><\/div><\/div>[\/vc_column_inner][vc_column_inner width=&#8221;1\/2&#8243; css=&#8221;.vc_custom_1461319613657{padding-top: 70px !important;padding-right: 60px !important;padding-left: 60px !important;}&#8221; offset=&#8221;vc_col-lg-4 vc_col-md-4 vc_col-xs-12&#8243;]<div class=\"gem-textbox \"  ><div class=\"gem-textbox-inner\" style=\"border-top-left-radius: 50px;border-top-right-radius: 50px;border-bottom-right-radius: 50px;\"><div class=\"gem-textbox-content\" style=\"background-image: url(https:\/\/balconi.it\/wp-content\/uploads\/2018\/09\/Estrusione-extrusion-press.jpg);background-repeat: no-repeat; background-size: cover;background-position: center top;padding-top: 100px;padding-bottom: 100px;\"><\/div><\/div><\/div><div class=\"clearboth\"><\/div><style>#thegem-divider-69f4a6fe873df {margin-top: 38px !important;}<\/style><div id=\"thegem-divider-69f4a6fe873df\" class=\"gem-divider  \" style=\"\" ><\/div>[vc_column_text]<\/p>\n<h5><a href=\"https:\/\/www.balconi.it\/fr\/estrusione\/\" target=\"_blank\" rel=\"noopener noreferrer\"><span style=\"color: #1da773;\">PRESSES A FILER<br \/>\n(EXTRUSION)<\/span><\/a><\/h5>\n<p>[\/vc_column_text][vc_column_text]<span style=\"color: #ffffff;\">(De 1.000 kN \u00e0 20.000 kN)<\/span><\/p>\n<p><span style=\"color: #ffffff;\">Emballage,<\/span><br \/>\n<span style=\"color: #ffffff;\">Automobile<\/span>[\/vc_column_text][vc_column_text][\/vc_column_text][vc_column_text][\/vc_column_text][\/vc_column_inner][vc_column_inner css=&#8221;.vc_custom_1461319635989{padding-top: 70px !important;padding-right: 60px !important;padding-left: 60px !important;}&#8221; offset=&#8221;vc_col-lg-4 vc_col-md-4 vc_col-xs-12&#8243;][vc_column_text]<\/p>\n<h5><a href=\"https:\/\/www.balconi.it\/fr\/alette-radiatori\/\" target=\"_blank\" rel=\"noopener noreferrer\"><span style=\"color: #1da773;\">AILETTES<br \/>\nRADIATEURS<\/span><\/a><\/h5>\n<p>[\/vc_column_text][vc_column_text]<span style=\"color: #ffffff;\">(De 600 kN \u00e0 1000 kN)<\/span><\/p>\n<p><span style=\"color: #ffffff;\">HVAC<\/span><br \/>\n<span style=\"color: #ffffff;\">Thermo-r\u00e9frig\u00e9ration<\/span>[\/vc_column_text]<div class=\"clearboth\"><\/div><style>#thegem-divider-69f4a6fe87403 {margin-top: 15px !important;}<\/style><div id=\"thegem-divider-69f4a6fe87403\" class=\"gem-divider  \" style=\"\" ><\/div><div class=\"gem-textbox \"  ><div class=\"gem-textbox-inner\" style=\"border-top-right-radius: 50px;border-bottom-right-radius: 50px;border-bottom-left-radius: 50px;\"><div class=\"gem-textbox-content\" style=\"background-image: url(https:\/\/balconi.it\/wp-content\/uploads\/2018\/10\/Alette002.jpg);background-repeat: no-repeat; background-size: cover;background-position: center top;padding-top: 100px;padding-bottom: 100px;\"><\/div><\/div><\/div>[\/vc_column_inner][\/vc_row_inner]<\/div><\/div><\/div>[\/vc_column][\/vc_row][vc_row el_class=&#8221;no-bg-posts&#8221;][vc_column]<div class=\"clearboth\"><\/div><style>#thegem-divider-69f4a6fe875be {margin-top: 150px !important;}<\/style><div id=\"thegem-divider-69f4a6fe875be\" class=\"gem-divider  \" style=\"\" ><\/div>[vc_column_text]<\/p>\n<h2 style=\"text-align: center;\">NEWS<\/h2>\n<p>[\/vc_column_text]<div class=\"clearboth\"><\/div><style>#thegem-divider-69f4a6fe875e3 {margin-top: 25px !important;}<\/style><div id=\"thegem-divider-69f4a6fe875e3\" class=\"gem-divider  \" style=\"\" ><\/div>[vc_separator color=&#8221;custom&#8221; border_width=&#8221;2&#8243; el_width=&#8221;20&#8243; accent_color=&#8221;#1da773&#8243;]<div class=\"clearboth\"><\/div><style>#thegem-divider-69f4a6fe87603 {margin-top: 120px !important;}<\/style><div id=\"thegem-divider-69f4a6fe87603\" class=\"gem-divider  \" style=\"\" ><\/div><div id=\"style-2f23876\" data-style-uid=\"2f23876\" class=\"blog blog-style-justified-3x justified-style-2 inline-row clearfix item-animation-move-up pagination-normal\" data-next-page=\"2\" data-pages-count=\"10\">\n<article id=\"post-27432\" class=\"col-lg-4 col-md-4 col-sm-6 col-xs-6 inline-column item-animations-not-inited post-27432 post type-post status-publish format-standard has-post-thumbnail category-plus-recent\"> <div class=\"post-content-wrapper\" style=\"\"> <div class=\"post-image\"><div class=\"post-featured-content\"><a href=\"https:\/\/balconi.it\/fr\/stand-lamiera-2025\/\"> <picture> <img src=\"https:\/\/balconi.it\/wp-content\/uploads\/2025\/05\/img_stand_evidenza_def-scaled-thegem-blog-justified.jpg\" width=\"640\" height=\"480\" class=\"img-responsive\" alt=\"img_stand_evidenza_def\" \/> <\/picture> <\/a><\/div><\/div> <div class=\"description\"> <div class=\"post-meta-conteiner\"> <div class=\"post-meta-right\"> <\/div> <\/div> <div class=\"post-title\"> <div class=\"entry-title title-h4\"><a href=\"https:\/\/balconi.it\/fr\/stand-lamiera-2025\/\" rel=\"bookmark\">09 Mai: <span class=\"light\">Stand LAMIERA 2025<\/span><\/a><\/div> <\/div> <div class=\"post-text\"> <div class=\"summary\"> <p>[vc_row][vc_column][vc_single_image image=&#8221;27429&#8243; img_size=&#8221;full&#8221; alignment=&#8221;center&#8221;][\/vc_column][\/vc_row]<\/p> <\/div> <\/div> <div class=\"info clearfix\"> <div class=\"post-footer-sharing\"><div class=\"gem-button-container gem-button-position-inline thegem-button-69f4a6fe8b3c45611\" ><a class=\"gem-button gem-button-size-tiny gem-button-style-flat gem-button-text-weight-normal gem-button-empty\" data-ll-effect=\"drop-right-without-wrap\" style=\"border-radius: 3px;\" onmouseleave=\"\" onmouseenter=\"\" href=\"#\" target=\"_self\"><i class=\"gem-print-icon gem-icon-pack-thegem-icons gem-icon-share \"><\/i><\/a><\/div> <div class=\"sharing-popup\"> <div class=\"socials-sharing socials socials-colored-hover\"> <a class=\"socials-item\" target=\"_blank\" href=\"https:\/\/www.facebook.com\/sharer\/sharer.php?u=https%3A%2F%2Fbalconi.it%2Ffr%2Fstand-lamiera-2025%2F\" title=\"Facebook\"><i class=\"socials-item-icon facebook\"><\/i><\/a> <a class=\"socials-item\" target=\"_blank\" href=\"https:\/\/twitter.com\/intent\/tweet?text=Stand+LAMIERA+2025&#038;url=https%3A%2F%2Fbalconi.it%2Ffr%2Fstand-lamiera-2025%2F\" title=\"Twitter\"><i class=\"socials-item-icon twitter\"><\/i><\/a> <a class=\"socials-item\" target=\"_blank\" href=\"https:\/\/pinterest.com\/pin\/create\/button\/?url=https%3A%2F%2Fbalconi.it%2Ffr%2Fstand-lamiera-2025%2F&#038;description=Stand+LAMIERA+2025&#038;media=https%3A%2F%2Fbalconi.it%2Fwp-content%2Fuploads%2F2025%2F05%2Fimg_stand_evidenza_def-scaled-thegem-blog-timeline-large.jpg\" title=\"Pinterest\"><i class=\"socials-item-icon pinterest\"><\/i><\/a> <a class=\"socials-item\" target=\"_blank\" href=\"http:\/\/tumblr.com\/widgets\/share\/tool?canonicalUrl=https%3A%2F%2Fbalconi.it%2Ffr%2Fstand-lamiera-2025%2F\" title=\"Tumblr\"><i class=\"socials-item-icon tumblr\"><\/i><\/a> <a class=\"socials-item\" target=\"_blank\" href=\"https:\/\/www.linkedin.com\/shareArticle?mini=true&#038;url=https%3A%2F%2Fbalconi.it%2Ffr%2Fstand-lamiera-2025%2F&#038;title=Stand+LAMIERA+2025&amp;summary=%5Bvc_row%5D%5Bvc_column%5D%5Bvc_single_image+image%3D%26%238221%3B27429%26%238243%3B+img_size%3D%26%238221%3Bfull%26%238221%3B+alignment%3D%26%238221%3Bcenter%26%238221%3B%5D%5B%2Fvc_column%5D%5B%2Fvc_row%5D\" title=\"LinkedIn\"><i class=\"socials-item-icon linkedin\"><\/i><\/a> <a class=\"socials-item\" target=\"_blank\" href=\"https:\/\/www.reddit.com\/submit?url=https%3A%2F%2Fbalconi.it%2Ffr%2Fstand-lamiera-2025%2F&#038;title=Stand+LAMIERA+2025\" title=\"Reddit\"><i class=\"socials-item-icon reddit\"><\/i><\/a> <\/div> <svg class=\"sharing-styled-arrow\"><use xlink:href=\"https:\/\/balconi.it\/wp-content\/themes\/thegem\/css\/post-arrow.svg#dec-post-arrow\"><\/use><\/svg><\/div><\/div> <div class=\"post-read-more\"><div class=\"gem-button-container gem-button-position-inline thegem-button-69f4a6fe8ba7d1912\" ><a class=\"gem-button gem-button-size-tiny gem-button-style-outline gem-button-text-weight-normal gem-button-border-2\" data-ll-effect=\"drop-right-without-wrap\" style=\"border-radius: 3px;\" onmouseleave=\"\" onmouseenter=\"\" href=\"https:\/\/balconi.it\/fr\/stand-lamiera-2025\/\" target=\"_self\">Lire la suite<\/a><\/div> <\/div> <\/div> <\/div> <\/div>\n<\/article> <article id=\"post-27259\" class=\"col-lg-4 col-md-4 col-sm-6 col-xs-6 inline-column item-animations-not-inited post-27259 post type-post status-publish format-standard has-post-thumbnail category-news-fr\"> <div class=\"post-content-wrapper\" style=\"\"> <div class=\"post-image\"><div class=\"post-featured-content\"><a href=\"https:\/\/balconi.it\/fr\/lamiera-fieramilano\/\"> <picture> <img src=\"https:\/\/balconi.it\/wp-content\/uploads\/2025\/03\/Banner_LAMIERA_2025_300x250-thegem-blog-justified.jpg\" width=\"640\" height=\"480\" class=\"img-responsive\" alt=\"Banner_LAMIERA_2025_300x250\" \/> <\/picture> <\/a><\/div><\/div> <div class=\"description\"> <div class=\"post-meta-conteiner\"> <div class=\"post-meta-right\"> <\/div> <\/div> <div class=\"post-title\"> <div class=\"entry-title title-h4\"><a href=\"https:\/\/balconi.it\/fr\/lamiera-fieramilano\/\" rel=\"bookmark\">02 Mar: <span class=\"light\">LAMIERA fieramilano<\/span><\/a><\/div> <\/div> <div class=\"post-text\"> <div class=\"summary\"> <p>[vc_row][vc_column width=&#8221;1\/2&#8243;][vc_single_image image=&#8221;27249&#8243; img_size=&#8221;full&#8221; alignment=&#8221;center&#8221;][\/vc_column][vc_column width=&#8221;1\/2&#8243;][vc_column_text]LAMIERA fieramilano Nous avons le plaisir de vous inviter \u00e0 notre: STAND G14 \u2013 All\u00e9e 15 6 \u2013 9 Mai 2025 Rho &#8211; Milan, Italie [\/vc_column_text][\/vc_column][\/vc_row]<\/p> <\/div> <\/div> <div class=\"info clearfix\"> <div class=\"post-footer-sharing\"><div class=\"gem-button-container gem-button-position-inline thegem-button-69f4a6fe8ce186351\" ><a class=\"gem-button gem-button-size-tiny gem-button-style-flat gem-button-text-weight-normal gem-button-empty\" data-ll-effect=\"drop-right-without-wrap\" style=\"border-radius: 3px;\" onmouseleave=\"\" onmouseenter=\"\" href=\"#\" target=\"_self\"><i class=\"gem-print-icon gem-icon-pack-thegem-icons gem-icon-share \"><\/i><\/a><\/div> <div class=\"sharing-popup\"> <div class=\"socials-sharing socials socials-colored-hover\"> <a class=\"socials-item\" target=\"_blank\" href=\"https:\/\/www.facebook.com\/sharer\/sharer.php?u=https%3A%2F%2Fbalconi.it%2Ffr%2Flamiera-fieramilano%2F\" title=\"Facebook\"><i class=\"socials-item-icon facebook\"><\/i><\/a> <a class=\"socials-item\" target=\"_blank\" href=\"https:\/\/twitter.com\/intent\/tweet?text=LAMIERA+fieramilano&#038;url=https%3A%2F%2Fbalconi.it%2Ffr%2Flamiera-fieramilano%2F\" title=\"Twitter\"><i class=\"socials-item-icon twitter\"><\/i><\/a> <a class=\"socials-item\" target=\"_blank\" href=\"https:\/\/pinterest.com\/pin\/create\/button\/?url=https%3A%2F%2Fbalconi.it%2Ffr%2Flamiera-fieramilano%2F&#038;description=LAMIERA+fieramilano&#038;media=https%3A%2F%2Fbalconi.it%2Fwp-content%2Fuploads%2F2025%2F03%2FBanner_LAMIERA_2025_300x250-thegem-blog-timeline-large.jpg\" title=\"Pinterest\"><i class=\"socials-item-icon pinterest\"><\/i><\/a> <a class=\"socials-item\" target=\"_blank\" href=\"http:\/\/tumblr.com\/widgets\/share\/tool?canonicalUrl=https%3A%2F%2Fbalconi.it%2Ffr%2Flamiera-fieramilano%2F\" title=\"Tumblr\"><i class=\"socials-item-icon tumblr\"><\/i><\/a> <a class=\"socials-item\" target=\"_blank\" href=\"https:\/\/www.linkedin.com\/shareArticle?mini=true&#038;url=https%3A%2F%2Fbalconi.it%2Ffr%2Flamiera-fieramilano%2F&#038;title=LAMIERA+fieramilano&amp;summary=%5Bvc_row%5D%5Bvc_column+width%3D%26%238221%3B1%2F2%26%238243%3B%5D%5Bvc_single_image+image%3D%26%238221%3B27249%26%238243%3B+img_size%3D%26%238221%3Bfull%26%238221%3B+alignment%3D%26%238221%3Bcenter%26%238221%3B%5D%5B%2Fvc_column%5D%5Bvc_column+width%3D%26%238221%3B1%2F2%26%238243%3B%5D%5Bvc_column_text%5DLAMIERA+fieramilano+Nous+avons+le+plaisir+de+vous+inviter+%C3%A0+notre%3A+STAND+G14+%E2%80%93+All%C3%A9e+15+6+%E2%80%93+9+Mai+2025+Rho+%26%238211%3B+Milan%2C+Italie+%5B%2Fvc_column_text%5D%5B%2Fvc_column%5D%5B%2Fvc_row%5D\" title=\"LinkedIn\"><i class=\"socials-item-icon linkedin\"><\/i><\/a> <a class=\"socials-item\" target=\"_blank\" href=\"https:\/\/www.reddit.com\/submit?url=https%3A%2F%2Fbalconi.it%2Ffr%2Flamiera-fieramilano%2F&#038;title=LAMIERA+fieramilano\" title=\"Reddit\"><i class=\"socials-item-icon reddit\"><\/i><\/a> <\/div> <svg class=\"sharing-styled-arrow\"><use xlink:href=\"https:\/\/balconi.it\/wp-content\/themes\/thegem\/css\/post-arrow.svg#dec-post-arrow\"><\/use><\/svg><\/div><\/div> <div class=\"post-read-more\"><div class=\"gem-button-container gem-button-position-inline thegem-button-69f4a6fe8d47d1209\" ><a class=\"gem-button gem-button-size-tiny gem-button-style-outline gem-button-text-weight-normal gem-button-border-2\" data-ll-effect=\"drop-right-without-wrap\" style=\"border-radius: 3px;\" onmouseleave=\"\" onmouseenter=\"\" href=\"https:\/\/balconi.it\/fr\/lamiera-fieramilano\/\" target=\"_self\">Lire la suite<\/a><\/div> <\/div> <\/div> <\/div> <\/div>\n<\/article> <article id=\"post-27242\" class=\"col-lg-4 col-md-4 col-sm-6 col-xs-6 inline-column item-animations-not-inited post-27242 post type-post status-publish format-standard has-post-thumbnail category-news-fr\"> <div class=\"post-content-wrapper\" style=\"\"> <div class=\"post-image\"><div class=\"post-featured-content\"><a href=\"https:\/\/balconi.it\/fr\/formati-dalla-tradizione-proiettati-nel-futuro\/\"> <picture> <img src=\"https:\/\/balconi.it\/wp-content\/uploads\/2025\/03\/img_Formati-dalla-tradizione-proiettati-nel-futuro-thegem-blog-justified.jpg\" width=\"640\" height=\"480\" class=\"img-responsive\" alt=\"img_Formati-dalla-tradizione,-proiettati-nel-futuro\" \/> <\/picture> <\/a><\/div><\/div> <div class=\"description\"> <div class=\"post-meta-conteiner\"> <div class=\"post-meta-right\"> <\/div> <\/div> <div class=\"post-title\"> <div class=\"entry-title title-h4\"><a href=\"https:\/\/balconi.it\/fr\/formati-dalla-tradizione-proiettati-nel-futuro\/\" rel=\"bookmark\">01 Mar: <span class=\"light\">Formati dalla tradizione, proiettati nel futuro<\/span><\/a><\/div> <\/div> <div class=\"post-text\"> <div class=\"summary\"> <p>[vc_row][vc_column width=&#8221;1\/2&#8243;][vc_single_image image=&#8221;27235&#8243; img_size=&#8221;full&#8221; alignment=&#8221;center&#8221; onclick=&#8221;custom_link&#8221; img_link_target=&#8221;_blank&#8221; link=&#8221;https:\/\/balconi.it\/wp-content\/uploads\/2025\/03\/3_articolo-2025-Febbraio_DEF-299-BALCONI.pdf&#8221;][\/vc_column][vc_column width=&#8221;1\/2&#8243;][vc_column_text]Nel 2024 Balconi Presseccentriche ha celebrato un importante traguardo: 85 anni di attivit\u00e0. Fondata nel 1939, l\u2019azienda si \u00e8 affermata come uno dei protagonisti di riferimento nel settore delle presse meccaniche di&#8230;<\/p> <\/div> <\/div> <div class=\"info clearfix\"> <div class=\"post-footer-sharing\"><div class=\"gem-button-container gem-button-position-inline thegem-button-69f4a6fe8e7691961\" ><a class=\"gem-button gem-button-size-tiny gem-button-style-flat gem-button-text-weight-normal gem-button-empty\" data-ll-effect=\"drop-right-without-wrap\" style=\"border-radius: 3px;\" onmouseleave=\"\" onmouseenter=\"\" href=\"#\" target=\"_self\"><i class=\"gem-print-icon gem-icon-pack-thegem-icons gem-icon-share \"><\/i><\/a><\/div> <div class=\"sharing-popup\"> <div class=\"socials-sharing socials socials-colored-hover\"> <a class=\"socials-item\" target=\"_blank\" href=\"https:\/\/www.facebook.com\/sharer\/sharer.php?u=https%3A%2F%2Fbalconi.it%2Ffr%2Fformati-dalla-tradizione-proiettati-nel-futuro%2F\" title=\"Facebook\"><i class=\"socials-item-icon facebook\"><\/i><\/a> <a class=\"socials-item\" target=\"_blank\" href=\"https:\/\/twitter.com\/intent\/tweet?text=Formati+dalla+tradizione%2C+proiettati+nel+futuro&#038;url=https%3A%2F%2Fbalconi.it%2Ffr%2Fformati-dalla-tradizione-proiettati-nel-futuro%2F\" title=\"Twitter\"><i class=\"socials-item-icon twitter\"><\/i><\/a> <a class=\"socials-item\" target=\"_blank\" href=\"https:\/\/pinterest.com\/pin\/create\/button\/?url=https%3A%2F%2Fbalconi.it%2Ffr%2Fformati-dalla-tradizione-proiettati-nel-futuro%2F&#038;description=Formati+dalla+tradizione%2C+proiettati+nel+futuro&#038;media=https%3A%2F%2Fbalconi.it%2Fwp-content%2Fuploads%2F2025%2F03%2Fimg_Formati-dalla-tradizione-proiettati-nel-futuro-thegem-blog-timeline-large.jpg\" title=\"Pinterest\"><i class=\"socials-item-icon pinterest\"><\/i><\/a> <a class=\"socials-item\" target=\"_blank\" href=\"http:\/\/tumblr.com\/widgets\/share\/tool?canonicalUrl=https%3A%2F%2Fbalconi.it%2Ffr%2Fformati-dalla-tradizione-proiettati-nel-futuro%2F\" title=\"Tumblr\"><i class=\"socials-item-icon tumblr\"><\/i><\/a> <a class=\"socials-item\" target=\"_blank\" href=\"https:\/\/www.linkedin.com\/shareArticle?mini=true&#038;url=https%3A%2F%2Fbalconi.it%2Ffr%2Fformati-dalla-tradizione-proiettati-nel-futuro%2F&#038;title=Formati+dalla+tradizione%2C+proiettati+nel+futuro&amp;summary=%5Bvc_row%5D%5Bvc_column+width%3D%26%238221%3B1%2F2%26%238243%3B%5D%5Bvc_single_image+image%3D%26%238221%3B27235%26%238243%3B+img_size%3D%26%238221%3Bfull%26%238221%3B+alignment%3D%26%238221%3Bcenter%26%238221%3B+onclick%3D%26%238221%3Bcustom_link%26%238221%3B+img_link_target%3D%26%238221%3B_blank%26%238221%3B+link%3D%26%238221%3Bhttps%3A%2F%2Fbalconi.it%2Fwp-content%2Fuploads%2F2025%2F03%2F3_articolo-2025-Febbraio_DEF-299-BALCONI.pdf%26%238221%3B%5D%5B%2Fvc_column%5D%5Bvc_column+width%3D%26%238221%3B1%2F2%26%238243%3B%5D%5Bvc_column_text%5DNel+2024+Balconi+Presseccentriche+ha+celebrato+un+importante+traguardo%3A+85+anni+di+attivit%C3%A0.+Fondata+nel+1939%2C+l%E2%80%99azienda+si+%C3%A8+affermata+come+uno+dei+protagonisti+di+riferimento+nel+settore+delle+presse+meccaniche+di...\" title=\"LinkedIn\"><i class=\"socials-item-icon linkedin\"><\/i><\/a> <a class=\"socials-item\" target=\"_blank\" href=\"https:\/\/www.reddit.com\/submit?url=https%3A%2F%2Fbalconi.it%2Ffr%2Fformati-dalla-tradizione-proiettati-nel-futuro%2F&#038;title=Formati+dalla+tradizione%2C+proiettati+nel+futuro\" title=\"Reddit\"><i class=\"socials-item-icon reddit\"><\/i><\/a> <\/div> <svg class=\"sharing-styled-arrow\"><use xlink:href=\"https:\/\/balconi.it\/wp-content\/themes\/thegem\/css\/post-arrow.svg#dec-post-arrow\"><\/use><\/svg><\/div><\/div> <div class=\"post-read-more\"><div class=\"gem-button-container gem-button-position-inline thegem-button-69f4a6fe8ede18357\" ><a class=\"gem-button gem-button-size-tiny gem-button-style-outline gem-button-text-weight-normal gem-button-border-2\" data-ll-effect=\"drop-right-without-wrap\" style=\"border-radius: 3px;\" onmouseleave=\"\" onmouseenter=\"\" href=\"https:\/\/balconi.it\/fr\/formati-dalla-tradizione-proiettati-nel-futuro\/\" target=\"_self\">Lire la suite<\/a><\/div> <\/div> <\/div> <\/div> <\/div>\n<\/article>\n<\/div>\t<div class=\"gem-pagination\"><div class=\"gem-pagination-links\"> <span aria-current=\"page\" class=\"page-numbers current\">1<\/span>\n<a class=\"page-numbers\" href=\"https:\/\/balconi.it\/fr\/wp-json\/wp\/v2\/pages\/25132\/page\/2\/\">2<\/a>\n<span class=\"page-numbers dots\">\u2026<\/span>\n<a class=\"page-numbers\" href=\"https:\/\/balconi.it\/fr\/wp-json\/wp\/v2\/pages\/25132\/page\/10\/\">10<\/a>\n<a class=\"next page-numbers\" href=\"https:\/\/balconi.it\/fr\/wp-json\/wp\/v2\/pages\/25132\/page\/2\/\"><\/a>\t<\/div><\/div><!-- .pagination -->[\/vc_column][\/vc_row][vc_row][vc_column][vc_raw_html]JTNDQlIlM0UlMEElM0NCUiUzRQ==[\/vc_raw_html][vc_column_text]<\/p>\n<h2 style=\"text-align: center;\">CONTACTS<\/h2>\n<p>[\/vc_column_text][vc_separator color=&#8221;custom&#8221; border_width=&#8221;2&#8243; el_width=&#8221;20&#8243; accent_color=&#8221;#1da773&#8243;][\/vc_column][\/vc_row][vc_row][vc_column width=&#8221;1\/2&#8243;]<div class=\"clearboth\"><\/div><style>#thegem-divider-69f4a6fe8efff {margin-top: 60px !important;}<\/style><div id=\"thegem-divider-69f4a6fe8efff\" class=\"gem-divider  \" style=\"\" ><\/div><div class=\"gem-icon-with-text gem-icon-with-text-icon-size-small\" ><div style=\"margin-bottom:0px;margin-top:0px; \" class=\"gem-icon-with-text-icon\"><div class=\"gem-icon gem-icon-pack-elegant gem-icon-size-small  gem-icon-shape-square gem-simple-icon\"  style=\"opacity: 1;\"><div class=\"gem-icon-inner\" style=\"\"><span class=\"gem-icon-half-1\" style=\"color: #99a9b5;\"><span class=\"back-angle\">&#xe01d;<\/span><\/span><span class=\"gem-icon-half-2\" style=\"color: #99a9b5;\"><span class=\"back-angle\">&#xe01d;<\/span><\/span><\/div><\/div><\/div><div class=\"gem-icon-with-text-content\" ><div class=\"gem-icon-with-text-text\">[vc_column_text]<span style=\"color: #5f727f;\"><span style=\"color: #3c3950;\">Adresse:<\/span><br \/>\n<\/span><span style=\"color: #5f727f;\">Via Circonvallazione, 195<br \/>\n<\/span><span style=\"color: #5f727f;\">20814 \u2013 Varedo (MB)<br \/>\n<\/span><span style=\"color: #5f727f;\">Italie<\/span>[\/vc_column_text]<\/div><\/div><div class=\"clearboth\"><\/div><\/div>[\/vc_column][vc_column width=&#8221;1\/2&#8243;]<div class=\"clearboth\"><\/div><style>#thegem-divider-69f4a6fe8f160 {margin-top: 60px !important;}<\/style><div id=\"thegem-divider-69f4a6fe8f160\" class=\"gem-divider  \" style=\"\" ><\/div><div class=\"gem-icon-with-text gem-icon-with-text-icon-size-small\" ><div style=\"margin-bottom:0px;margin-top:0px; \" class=\"gem-icon-with-text-icon\"><div class=\"gem-icon gem-icon-pack-elegant gem-icon-size-small  gem-icon-shape-square gem-simple-icon\"  style=\"opacity: 1;\"><div class=\"gem-icon-inner\" style=\"\"><span class=\"gem-icon-half-1\" style=\"color: #99a9b5;\"><span class=\"back-angle\">&#x62;<\/span><\/span><span class=\"gem-icon-half-2\" style=\"color: #99a9b5;\"><span class=\"back-angle\">&#x62;<\/span><\/span><\/div><\/div><\/div><div class=\"gem-icon-with-text-content\" ><div class=\"gem-icon-with-text-text\">[vc_column_text]<span style=\"color: #3c3950;\">Tel:<\/span> <span style=\"color: #5f727f;\">+39 0362\/536.1<\/span>[\/vc_column_text]<\/div><\/div><div class=\"clearboth\"><\/div><\/div>[\/vc_column][\/vc_row][vc_row][vc_column]<div class=\"clearboth\"><\/div><style>#thegem-divider-69f4a6fe8f232 {margin-top: 100px !important;}<\/style><div id=\"thegem-divider-69f4a6fe8f232\" class=\"gem-divider  \" style=\"\" ><\/div><div id=\"fullwidth-block-69f4a6fe8f269\" class=\"fullwidth-block clearfix\"  style=\"\"><script type=\"text\/javascript\">if (typeof(gem_fix_fullwidth_position) == \"function\") { gem_fix_fullwidth_position(document.getElementById(\"fullwidth-block-69f4a6fe8f269\")); }<\/script><div class=\"fullwidth-block-inner\">[vc_gmaps link=&#8221;#E-8_JTNDaWZyYW1lJTIwc3JjJTNEJTIyaHR0cHMlM0ElMkYlMkZ3d3cuZ29vZ2xlLmNvbSUyRm1hcHMlMkZlbWJlZCUzRnBiJTNEJTIxMW0xNCUyMTFtOCUyMTFtMyUyMTFkNTU4My40ODY2ODcwNzg0NDUlMjEyZDkuMTc3OTI2JTIxM2Q0NS41OTU3MDQlMjEzbTIlMjExaTEwMjQlMjEyaTc2OCUyMTRmMTMuMSUyMTNtMyUyMTFtMiUyMTFzMHg0Nzg2YmU2MTk1MGQ0ZDU5JTI1M0EweDc2MjNjNDUyMDE5MGI2ZTUlMjEyc1ZpYSUyQkNpcmNvbnZhbGxhemlvbmUlMjUyQyUyQjE5NSUyNTJDJTJCMjA4MTQlMkJWYXJlZG8lMkJNQiUyMTVlMCUyMTNtMiUyMTFzaXQlMjEyc2l0JTIxNHYxNTUyMzE2NTQ2NDcwJTIyJTIwd2lkdGglM0QlMjIxOTIwJTIyJTIwaGVpZ2h0JTNEJTIyMTYwMCUyMiUyMGZyYW1lYm9yZGVyJTNEJTIyMCUyMiUyMHN0eWxlJTNEJTIyYm9yZGVyJTNBMCUyMiUyMGFsbG93ZnVsbHNjcmVlbiUzRSUzQyUyRmlmcmFtZSUzRQ==&#8221;]<\/div><\/div>[\/vc_column][\/vc_row]<\/p>\n<\/div>","protected":false},"excerpt":{"rendered":"<p>[vc_row css=&#8221;.vc_custom_1571851999570{margin-bottom: 0px !important;padding-top: 0px !important;}&#8221;][vc_column][vc_empty_space height=&#8221;70px&#8221;][vc_column_text] VID\u00c9O DE L\u2019ENTREPRISE [\/vc_column_text][vc_empty_space height=&#8221;20px&#8221;][\/vc_column][\/vc_row][vc_row css=&#8221;.vc_custom_1461328924832{margin-bottom: 0px !important;}&#8221;][vc_column][vc_empty_space height=&#8221;20px&#8221;][vc_column_text] Les entreprises sont comme les gens. Chacune d&#8217;entre elles poss\u00e8de un trait qui la distingue et la rende, dans certains cas, unique et m\u00e9morable&#8230;.<\/p>\n","protected":false},"author":1,"featured_media":0,"parent":0,"menu_order":0,"comment_status":"closed","ping_status":"closed","template":"","meta":{"footnotes":""},"yoast_head":"<!-- This site is optimized with the Yoast SEO plugin v22.4 - https:\/\/yoast.com\/wordpress\/plugins\/seo\/ -->\n<title>Balconi Presseccentriche - Presses m\u00e9caniques Servopresses<\/title>\n<meta name=\"description\" content=\"Sp\u00e9cialis\u00e9 dans la conception et la construction de presses m\u00e9caniques, servopresses, presses pour m\u00e9tal. Produits certifi\u00e9s. Depuis 1939. Qualit\u00e9 garantie.\" \/>\n<meta name=\"robots\" content=\"index, follow, max-snippet:-1, max-image-preview:large, max-video-preview:-1\" \/>\n<link rel=\"canonical\" href=\"https:\/\/balconi.it\/fr\/\" \/>\n<meta property=\"og:locale\" content=\"fr_FR\" \/>\n<meta property=\"og:type\" content=\"article\" \/>\n<meta property=\"og:title\" content=\"Balconi Presseccentriche - Presses m\u00e9caniques Servopresses\" \/>\n<meta property=\"og:description\" content=\"Sp\u00e9cialis\u00e9 dans la conception et la construction de presses m\u00e9caniques, servopresses, presses pour m\u00e9tal. Produits certifi\u00e9s. Depuis 1939. Qualit\u00e9 garantie.\" \/>\n<meta property=\"og:url\" content=\"https:\/\/balconi.it\/fr\/\" \/>\n<meta property=\"og:site_name\" content=\"Balconi Presseccentriche\" \/>\n<meta property=\"article:modified_time\" content=\"2026-01-28T10:54:18+00:00\" \/>\n<meta name=\"twitter:card\" content=\"summary_large_image\" \/>\n<meta name=\"twitter:label1\" content=\"Dur\u00e9e de lecture estim\u00e9e\" \/>\n\t<meta name=\"twitter:data1\" content=\"4 minutes\" \/>\n<script type=\"application\/ld+json\" class=\"yoast-schema-graph\">{\"@context\":\"https:\/\/schema.org\",\"@graph\":[{\"@type\":\"WebPage\",\"@id\":\"https:\/\/balconi.it\/fr\/\",\"url\":\"https:\/\/balconi.it\/fr\/\",\"name\":\"Balconi Presseccentriche - Presses m\u00e9caniques Servopresses\",\"isPartOf\":{\"@id\":\"https:\/\/balconi.it\/#website\"},\"datePublished\":\"2016-03-29T08:20:08+00:00\",\"dateModified\":\"2026-01-28T10:54:18+00:00\",\"description\":\"Sp\u00e9cialis\u00e9 dans la conception et la construction de presses m\u00e9caniques, servopresses, presses pour m\u00e9tal. Produits certifi\u00e9s. Depuis 1939. Qualit\u00e9 garantie.\",\"breadcrumb\":{\"@id\":\"https:\/\/balconi.it\/fr\/#breadcrumb\"},\"inLanguage\":\"fr-FR\",\"potentialAction\":[{\"@type\":\"ReadAction\",\"target\":[\"https:\/\/balconi.it\/fr\/\"]}]},{\"@type\":\"BreadcrumbList\",\"@id\":\"https:\/\/balconi.it\/fr\/#breadcrumb\",\"itemListElement\":[{\"@type\":\"ListItem\",\"position\":1,\"name\":\"Home\",\"item\":\"https:\/\/balconi.it\/fr\/\"},{\"@type\":\"ListItem\",\"position\":2,\"name\":\"Home\"}]},{\"@type\":\"WebSite\",\"@id\":\"https:\/\/balconi.it\/#website\",\"url\":\"https:\/\/balconi.it\/\",\"name\":\"Balconi Presseccentriche\",\"description\":\"\",\"publisher\":{\"@id\":\"https:\/\/balconi.it\/#organization\"},\"potentialAction\":[{\"@type\":\"SearchAction\",\"target\":{\"@type\":\"EntryPoint\",\"urlTemplate\":\"https:\/\/balconi.it\/?s={search_term_string}\"},\"query-input\":\"required name=search_term_string\"}],\"inLanguage\":\"fr-FR\"},{\"@type\":\"Organization\",\"@id\":\"https:\/\/balconi.it\/#organization\",\"name\":\"Balconi Presseccentriche S.p.A.\",\"url\":\"https:\/\/balconi.it\/\",\"logo\":{\"@type\":\"ImageObject\",\"inLanguage\":\"fr-FR\",\"@id\":\"https:\/\/balconi.it\/#\/schema\/logo\/image\/\",\"url\":\"http:\/\/balconi.it\/wp-content\/uploads\/2018\/10\/balconi.jpg\",\"contentUrl\":\"http:\/\/balconi.it\/wp-content\/uploads\/2018\/10\/balconi.jpg\",\"width\":1207,\"height\":1057,\"caption\":\"Balconi Presseccentriche S.p.A.\"},\"image\":{\"@id\":\"https:\/\/balconi.it\/#\/schema\/logo\/image\/\"}}]}<\/script>\n<!-- \/ Yoast SEO plugin. -->","yoast_head_json":{"title":"Balconi Presseccentriche - Presses m\u00e9caniques Servopresses","description":"Sp\u00e9cialis\u00e9 dans la conception et la construction de presses m\u00e9caniques, servopresses, presses pour m\u00e9tal. Produits certifi\u00e9s. Depuis 1939. Qualit\u00e9 garantie.","robots":{"index":"index","follow":"follow","max-snippet":"max-snippet:-1","max-image-preview":"max-image-preview:large","max-video-preview":"max-video-preview:-1"},"canonical":"https:\/\/balconi.it\/fr\/","og_locale":"fr_FR","og_type":"article","og_title":"Balconi Presseccentriche - Presses m\u00e9caniques Servopresses","og_description":"Sp\u00e9cialis\u00e9 dans la conception et la construction de presses m\u00e9caniques, servopresses, presses pour m\u00e9tal. Produits certifi\u00e9s. Depuis 1939. Qualit\u00e9 garantie.","og_url":"https:\/\/balconi.it\/fr\/","og_site_name":"Balconi Presseccentriche","article_modified_time":"2026-01-28T10:54:18+00:00","twitter_card":"summary_large_image","twitter_misc":{"Dur\u00e9e de lecture estim\u00e9e":"4 minutes"},"schema":{"@context":"https:\/\/schema.org","@graph":[{"@type":"WebPage","@id":"https:\/\/balconi.it\/fr\/","url":"https:\/\/balconi.it\/fr\/","name":"Balconi Presseccentriche - Presses m\u00e9caniques Servopresses","isPartOf":{"@id":"https:\/\/balconi.it\/#website"},"datePublished":"2016-03-29T08:20:08+00:00","dateModified":"2026-01-28T10:54:18+00:00","description":"Sp\u00e9cialis\u00e9 dans la conception et la construction de presses m\u00e9caniques, servopresses, presses pour m\u00e9tal. Produits certifi\u00e9s. Depuis 1939. Qualit\u00e9 garantie.","breadcrumb":{"@id":"https:\/\/balconi.it\/fr\/#breadcrumb"},"inLanguage":"fr-FR","potentialAction":[{"@type":"ReadAction","target":["https:\/\/balconi.it\/fr\/"]}]},{"@type":"BreadcrumbList","@id":"https:\/\/balconi.it\/fr\/#breadcrumb","itemListElement":[{"@type":"ListItem","position":1,"name":"Home","item":"https:\/\/balconi.it\/fr\/"},{"@type":"ListItem","position":2,"name":"Home"}]},{"@type":"WebSite","@id":"https:\/\/balconi.it\/#website","url":"https:\/\/balconi.it\/","name":"Balconi Presseccentriche","description":"","publisher":{"@id":"https:\/\/balconi.it\/#organization"},"potentialAction":[{"@type":"SearchAction","target":{"@type":"EntryPoint","urlTemplate":"https:\/\/balconi.it\/?s={search_term_string}"},"query-input":"required name=search_term_string"}],"inLanguage":"fr-FR"},{"@type":"Organization","@id":"https:\/\/balconi.it\/#organization","name":"Balconi Presseccentriche S.p.A.","url":"https:\/\/balconi.it\/","logo":{"@type":"ImageObject","inLanguage":"fr-FR","@id":"https:\/\/balconi.it\/#\/schema\/logo\/image\/","url":"http:\/\/balconi.it\/wp-content\/uploads\/2018\/10\/balconi.jpg","contentUrl":"http:\/\/balconi.it\/wp-content\/uploads\/2018\/10\/balconi.jpg","width":1207,"height":1057,"caption":"Balconi Presseccentriche S.p.A."},"image":{"@id":"https:\/\/balconi.it\/#\/schema\/logo\/image\/"}}]}},"_links":{"self":[{"href":"https:\/\/balconi.it\/fr\/wp-json\/wp\/v2\/pages\/25132"}],"collection":[{"href":"https:\/\/balconi.it\/fr\/wp-json\/wp\/v2\/pages"}],"about":[{"href":"https:\/\/balconi.it\/fr\/wp-json\/wp\/v2\/types\/page"}],"author":[{"embeddable":true,"href":"https:\/\/balconi.it\/fr\/wp-json\/wp\/v2\/users\/1"}],"replies":[{"embeddable":true,"href":"https:\/\/balconi.it\/fr\/wp-json\/wp\/v2\/comments?post=25132"}],"version-history":[{"count":42,"href":"https:\/\/balconi.it\/fr\/wp-json\/wp\/v2\/pages\/25132\/revisions"}],"predecessor-version":[{"id":27490,"href":"https:\/\/balconi.it\/fr\/wp-json\/wp\/v2\/pages\/25132\/revisions\/27490"}],"wp:attachment":[{"href":"https:\/\/balconi.it\/fr\/wp-json\/wp\/v2\/media?parent=25132"}],"curies":[{"name":"wp","href":"https:\/\/api.w.org\/{rel}","templated":true}]}}